{"id":104,"date":"2017-11-27T17:38:08","date_gmt":"2017-11-27T17:38:08","guid":{"rendered":"https:\/\/test.dialogbrhv.de\/?page_id=104"},"modified":"2021-08-07T10:54:15","modified_gmt":"2021-08-07T08:54:15","slug":"aktuelles","status":"publish","type":"page","link":"https:\/\/test.dialogbrhv.de\/","title":{"rendered":"Aktuelles"},"content":{"rendered":"<style>.wp-show-posts-columns#wpsp-1137 {margin-left: -2em; }.wp-show-posts-columns#wpsp-1137 .wp-show-posts-inner {margin: 0 0 2em 2em; }<\/style><section id=\"wpsp-1137\" class=\" wp-show-posts-columns wp-show-posts\" style=\"\"><article class=\" wp-show-posts-single post-2553 post type-post status-publish format-standard has-post-thumbnail hentry category-aktuelles category-veranstaltungen wpsp-col-4\" itemtype=\"http:\/\/schema.org\/CreativeWork\" itemscope><div class=\"wp-show-posts-inner\" style=\"\">\t\t\t\t\t\t<header class=\"wp-show-posts-entry-header\">\n\t\t\t\t\t\t\t<h2 class=\"wp-show-posts-entry-title\" itemprop=\"headline\"><a href=\"https:\/\/test.dialogbrhv.de\/index.php\/2022\/03\/20\/buchvorstellung-und-diskussionmit-journalist-eckhardt-stengel\/\" rel=\"bookmark\">Buchvorstellung und Diskussion<BR>mit Journalist Eckhardt Stengel<\/a><\/h2><div class=\"wp-show-posts-entry-meta wp-show-posts-entry-meta-below-title post-meta-inline\"><span class=\"wp-show-posts-posted-on wp-show-posts-meta\">\n\t\t\t\t\t<a href=\"https:\/\/test.dialogbrhv.de\/index.php\/2022\/03\/20\/buchvorstellung-und-diskussionmit-journalist-eckhardt-stengel\/\" title=\"19:59\" rel=\"bookmark\"><time class=\"wp-show-posts-entry-date published\" datetime=\"2022-03-20T19:59:23+01:00\" itemprop=\"datePublished\">20. M\u00e4rz 2022<\/time><time class=\"wp-show-posts-updated\" datetime=\"2022-03-20T19:59:57+01:00\" itemprop=\"dateModified\">20. M\u00e4rz 2022<\/time><\/a>\n\t\t\t\t<\/span><\/div>\t\t\t\t\t\t<\/header><!-- .entry-header -->\n\t\t\t\t\t\t\t<div class=\"wp-show-posts-image  wpsp-image-center \">\n\t\t\t<a href=\"https:\/\/test.dialogbrhv.de\/index.php\/2022\/03\/20\/buchvorstellung-und-diskussionmit-journalist-eckhardt-stengel\/\"  title=\"Buchvorstellung und Diskussionmit Journalist Eckhardt Stengel\"><img width=\"210\" height=\"210\" src=\"https:\/\/test.dialogbrhv.de\/wp-content\/uploads\/2022\/03\/dialog_logo_300dpi.svg\" class=\"attachment-full size-full wp-post-image\" alt=\"\" loading=\"lazy\" itemprop=\"image\" \/><\/a>\t\t<\/div>\n\t\t\t\t\t\t\t\t<div class=\"wp-show-posts-entry-summary\" itemprop=\"text\">\n\t\t\t\t\t\t\t<p>Der sozial engagierte freie Journalist und Buchautor Eckhard<br \/>\nStengel, der von 1989 bis 2021 f\u00fcr die S\u00fcddeutsche Zeitung,<br \/>\nFrankfurter Rundschau und andere Medien als Bremen &#8211;<br \/>\nKorrespondent t\u00e4tig war, hat mit seinem neuen Buch &#8222;Bremer<br \/>\nRundschau&#8220; ein zeitgeschichtliches Dokument \u00fcber die<br \/>\npolitische, wirtschaftliche und soziale Entwicklung der letzten<br \/>\ndrei Jahrzehnte in Bremen und Bremerhaven vorgelegt.<\/p>\n\t\t\t\t\t\t<\/div><!-- .entry-summary -->\n\t\t\t\t\t<div class=\"wpsp-read-more\"><a title=\"Buchvorstellung und Diskussionmit Journalist Eckhardt Stengel\" class=\"wp-show-posts-read-more\" href=\"https:\/\/test.dialogbrhv.de\/index.php\/2022\/03\/20\/buchvorstellung-und-diskussionmit-journalist-eckhardt-stengel\/\">Weiterlesen<\/a><\/div><\/div><!-- wp-show-posts-inner --><\/article><article class=\" wp-show-posts-single post-2499 post type-post status-publish format-standard has-post-thumbnail hentry category-aktuelles category-veranstaltungen wpsp-col-4\" itemtype=\"http:\/\/schema.org\/CreativeWork\" itemscope><div class=\"wp-show-posts-inner\" style=\"\">\t\t\t\t\t\t<header class=\"wp-show-posts-entry-header\">\n\t\t\t\t\t\t\t<h2 class=\"wp-show-posts-entry-title\" itemprop=\"headline\"><a href=\"https:\/\/test.dialogbrhv.de\/index.php\/2022\/02\/26\/buchvorstellung-und-diskussion\/\" rel=\"bookmark\">Buchvorstellung und Diskussion<BR>mit Journalist Eckhardt Stengel<\/a><\/h2><div class=\"wp-show-posts-entry-meta wp-show-posts-entry-meta-below-title post-meta-inline\"><span class=\"wp-show-posts-posted-on wp-show-posts-meta\">\n\t\t\t\t\t<a href=\"https:\/\/test.dialogbrhv.de\/index.php\/2022\/02\/26\/buchvorstellung-und-diskussion\/\" title=\"21:45\" rel=\"bookmark\"><time class=\"wp-show-posts-entry-date published\" datetime=\"2022-02-26T21:45:49+01:00\" itemprop=\"datePublished\">26. Februar 2022<\/time><time class=\"wp-show-posts-updated\" datetime=\"2022-03-20T19:58:21+01:00\" itemprop=\"dateModified\">20. M\u00e4rz 2022<\/time><\/a>\n\t\t\t\t<\/span><\/div>\t\t\t\t\t\t<\/header><!-- .entry-header -->\n\t\t\t\t\t\t\t<div class=\"wp-show-posts-image  wpsp-image-center \">\n\t\t\t<a href=\"https:\/\/test.dialogbrhv.de\/index.php\/2022\/02\/26\/buchvorstellung-und-diskussion\/\"  title=\"Buchvorstellung und Diskussionmit Journalist Eckhardt Stengel\"><img width=\"210\" height=\"210\" src=\"https:\/\/test.dialogbrhv.de\/wp-content\/uploads\/2022\/03\/dialog_logo_300dpi.svg\" class=\"attachment-full size-full wp-post-image\" alt=\"\" loading=\"lazy\" itemprop=\"image\" \/><\/a>\t\t<\/div>\n\t\t\t\t\t\t\t\t<div class=\"wp-show-posts-entry-summary\" itemprop=\"text\">\n\t\t\t\t\t\t\t<p>Der sozial engagierte freie Journalist und Buchautor Eckhard<br \/>\nStengel, der von 1989 bis 2021 f\u00fcr die S\u00fcddeutsche Zeitung,<br \/>\nFrankfurter Rundschau und andere Medien als Bremen &#8211;<br \/>\nKorrespondent t\u00e4tig war, hat mit seinem neuen Buch &#8222;Bremer<br \/>\nRundschau&#8220; ein zeitgeschichtliches Dokument \u00fcber die<br \/>\npolitische, wirtschaftliche und soziale Entwicklung der letzten<br \/>\ndrei Jahrzehnte in Bremen und Bremerhaven vorgelegt.<\/p>\n\t\t\t\t\t\t<\/div><!-- .entry-summary -->\n\t\t\t\t\t<div class=\"wpsp-read-more\"><a title=\"Buchvorstellung und Diskussionmit Journalist Eckhardt Stengel\" class=\"wp-show-posts-read-more\" href=\"https:\/\/test.dialogbrhv.de\/index.php\/2022\/02\/26\/buchvorstellung-und-diskussion\/\">Weiterlesen<\/a><\/div><\/div><!-- wp-show-posts-inner --><\/article><article class=\" wp-show-posts-single post-2478 post type-post status-publish format-standard has-post-thumbnail hentry category-aktuelles category-aufrufe wpsp-col-4\" itemtype=\"http:\/\/schema.org\/CreativeWork\" itemscope><div class=\"wp-show-posts-inner\" style=\"\">\t\t\t\t\t\t<header class=\"wp-show-posts-entry-header\">\n\t\t\t\t\t\t\t<h2 class=\"wp-show-posts-entry-title\" itemprop=\"headline\"><a href=\"https:\/\/test.dialogbrhv.de\/index.php\/2021\/12\/08\/aktion-impfgegnerische-parolen-in-bremerhaven\/\" rel=\"bookmark\">Aktion &#8211; Impfgegnerische Parolen in Bremerhaven<\/a><\/h2><div class=\"wp-show-posts-entry-meta wp-show-posts-entry-meta-below-title post-meta-inline\"><span class=\"wp-show-posts-posted-on wp-show-posts-meta\">\n\t\t\t\t\t<a href=\"https:\/\/test.dialogbrhv.de\/index.php\/2021\/12\/08\/aktion-impfgegnerische-parolen-in-bremerhaven\/\" title=\"04:02\" rel=\"bookmark\"><time class=\"wp-show-posts-entry-date published\" datetime=\"2021-12-08T04:02:32+01:00\" itemprop=\"datePublished\">8. Dezember 2021<\/time><time class=\"wp-show-posts-updated\" datetime=\"2021-12-08T04:02:48+01:00\" itemprop=\"dateModified\">8. Dezember 2021<\/time><\/a>\n\t\t\t\t<\/span><\/div>\t\t\t\t\t\t<\/header><!-- .entry-header -->\n\t\t\t\t\t\t\t<div class=\"wp-show-posts-image  wpsp-image-center \">\n\t\t\t<a href=\"https:\/\/test.dialogbrhv.de\/index.php\/2021\/12\/08\/aktion-impfgegnerische-parolen-in-bremerhaven\/\"  title=\"Aktion &#8211; Impfgegnerische Parolen in Bremerhaven\"><img width=\"500\" height=\"412\" src=\"https:\/\/test.dialogbrhv.de\/wp-content\/uploads\/2019\/10\/Logo_BBB_weiss_mitHG-rotated-farbig.geaendert-2.png\" class=\"attachment-full size-full wp-post-image\" alt=\"\" loading=\"lazy\" itemprop=\"image\" srcset=\"https:\/\/test.dialogbrhv.de\/wp-content\/uploads\/2019\/10\/Logo_BBB_weiss_mitHG-rotated-farbig.geaendert-2.png 500w, https:\/\/test.dialogbrhv.de\/wp-content\/uploads\/2019\/10\/Logo_BBB_weiss_mitHG-rotated-farbig.geaendert-2-300x247.png 300w\" sizes=\"(max-width: 500px) 100vw, 500px\" \/><\/a>\t\t<\/div>\n\t\t\t\t\t\t\t\t<div class=\"wp-show-posts-entry-summary\" itemprop=\"text\">\n\t\t\t\t\t\t\t<p>Wie \u00fcberall in Deutschland gehen auch in Bremerhaven Querdenker*innen, Coronaleugner*innen und Impfgegner*innen auf die Stra\u00dfe, hinterlassen dumpfe holocaustrelativierende Parolen, faseln von Diktatur und Widerstand.<\/p>\n\t\t\t\t\t\t<\/div><!-- .entry-summary -->\n\t\t\t\t\t<div class=\"wpsp-read-more\"><a title=\"Aktion &#8211; Impfgegnerische Parolen in Bremerhaven\" class=\"wp-show-posts-read-more\" href=\"https:\/\/test.dialogbrhv.de\/index.php\/2021\/12\/08\/aktion-impfgegnerische-parolen-in-bremerhaven\/\">Weiterlesen<\/a><\/div><\/div><!-- wp-show-posts-inner --><\/article><article class=\" wp-show-posts-single post-2473 post type-post status-publish format-standard has-post-thumbnail hentry category-aktuelles category-presse wpsp-col-4\" itemtype=\"http:\/\/schema.org\/CreativeWork\" itemscope><div class=\"wp-show-posts-inner\" style=\"\">\t\t\t\t\t\t<header class=\"wp-show-posts-entry-header\">\n\t\t\t\t\t\t\t<h2 class=\"wp-show-posts-entry-title\" itemprop=\"headline\"><a href=\"https:\/\/test.dialogbrhv.de\/index.php\/2021\/12\/08\/impfgegnerinnen-verharmlosen-holocaust\/\" rel=\"bookmark\">Impfgegner*innen verharmlosen Holocaust<\/a><\/h2><div class=\"wp-show-posts-entry-meta wp-show-posts-entry-meta-below-title post-meta-inline\"><span class=\"wp-show-posts-posted-on wp-show-posts-meta\">\n\t\t\t\t\t<a href=\"https:\/\/test.dialogbrhv.de\/index.php\/2021\/12\/08\/impfgegnerinnen-verharmlosen-holocaust\/\" title=\"01:21\" rel=\"bookmark\"><time class=\"wp-show-posts-entry-date published\" datetime=\"2021-12-08T01:21:12+01:00\" itemprop=\"datePublished\">8. Dezember 2021<\/time><time class=\"wp-show-posts-updated\" datetime=\"2021-12-08T01:50:09+01:00\" itemprop=\"dateModified\">8. Dezember 2021<\/time><\/a>\n\t\t\t\t<\/span><\/div>\t\t\t\t\t\t<\/header><!-- .entry-header -->\n\t\t\t\t\t\t\t<div class=\"wp-show-posts-image  wpsp-image-center \">\n\t\t\t<a href=\"https:\/\/test.dialogbrhv.de\/index.php\/2021\/12\/08\/impfgegnerinnen-verharmlosen-holocaust\/\"  title=\"Impfgegner*innen verharmlosen Holocaust\"><img width=\"500\" height=\"412\" src=\"https:\/\/test.dialogbrhv.de\/wp-content\/uploads\/2019\/10\/Logo_BBB_weiss_mitHG-rotated-farbig.geaendert-2.png\" class=\"attachment-full size-full wp-post-image\" alt=\"\" loading=\"lazy\" itemprop=\"image\" srcset=\"https:\/\/test.dialogbrhv.de\/wp-content\/uploads\/2019\/10\/Logo_BBB_weiss_mitHG-rotated-farbig.geaendert-2.png 500w, https:\/\/test.dialogbrhv.de\/wp-content\/uploads\/2019\/10\/Logo_BBB_weiss_mitHG-rotated-farbig.geaendert-2-300x247.png 300w\" sizes=\"(max-width: 500px) 100vw, 500px\" \/><\/a>\t\t<\/div>\n\t\t\t\t\t\t\t\t<div class=\"wp-show-posts-entry-summary\" itemprop=\"text\">\n\t\t\t\t\t\t\t<p>Seit einigen Wochen werden in Bremerhaven impfgegnerische Parolen (z.B. am Deich, vor einigen Gesch\u00e4ften, Schulen, Kinderg\u00e4rten) gespr\u00fcht. Sie fordern dazu auf, sich nicht impfen zu lassen, sprechen hinsichtlich der Coronabestimmungen von einem &#8222;Genozid\u201c oder reden von einer drohenden &#8222;Diktatur&#8220; , die die Freiheit einschr\u00e4nken soll.<\/p>\n\t\t\t\t\t\t<\/div><!-- .entry-summary -->\n\t\t\t\t\t<div class=\"wpsp-read-more\"><a title=\"Impfgegner*innen verharmlosen Holocaust\" class=\"wp-show-posts-read-more\" href=\"https:\/\/test.dialogbrhv.de\/index.php\/2021\/12\/08\/impfgegnerinnen-verharmlosen-holocaust\/\">Weiterlesen<\/a><\/div><\/div><!-- wp-show-posts-inner --><\/article><article class=\" wp-show-posts-single post-2451 post type-post status-publish format-standard has-post-thumbnail hentry category-aktuelles category-presse wpsp-col-4\" itemtype=\"http:\/\/schema.org\/CreativeWork\" itemscope><div class=\"wp-show-posts-inner\" style=\"\">\t\t\t\t\t\t<header class=\"wp-show-posts-entry-header\">\n\t\t\t\t\t\t\t<h2 class=\"wp-show-posts-entry-title\" itemprop=\"headline\"><a href=\"https:\/\/test.dialogbrhv.de\/index.php\/2021\/11\/20\/es-geht-um-menschen-nicht-um-zaeune\/\" rel=\"bookmark\">Es geht um Menschen, nicht um Z\u00e4une!<\/a><\/h2><div class=\"wp-show-posts-entry-meta wp-show-posts-entry-meta-below-title post-meta-inline\"><span class=\"wp-show-posts-posted-on wp-show-posts-meta\">\n\t\t\t\t\t<a href=\"https:\/\/test.dialogbrhv.de\/index.php\/2021\/11\/20\/es-geht-um-menschen-nicht-um-zaeune\/\" title=\"15:45\" rel=\"bookmark\"><time class=\"wp-show-posts-entry-date published\" datetime=\"2021-11-20T15:45:21+01:00\" itemprop=\"datePublished\">20. November 2021<\/time><time class=\"wp-show-posts-updated\" datetime=\"2021-12-08T01:44:37+01:00\" itemprop=\"dateModified\">8. Dezember 2021<\/time><\/a>\n\t\t\t\t<\/span><\/div>\t\t\t\t\t\t<\/header><!-- .entry-header -->\n\t\t\t\t\t\t\t<div class=\"wp-show-posts-image  wpsp-image-center \">\n\t\t\t<a href=\"https:\/\/test.dialogbrhv.de\/index.php\/2021\/11\/20\/es-geht-um-menschen-nicht-um-zaeune\/\"  title=\"Es geht um Menschen, nicht um Z\u00e4une!\"><img width=\"512\" height=\"372\" src=\"https:\/\/test.dialogbrhv.de\/wp-content\/uploads\/2021\/11\/Alle-Logos-transparent-sichtbar_512x372.png\" class=\"attachment-full size-full wp-post-image\" alt=\"\" loading=\"lazy\" itemprop=\"image\" srcset=\"https:\/\/test.dialogbrhv.de\/wp-content\/uploads\/2021\/11\/Alle-Logos-transparent-sichtbar_512x372.png 512w, https:\/\/test.dialogbrhv.de\/wp-content\/uploads\/2021\/11\/Alle-Logos-transparent-sichtbar_512x372-300x218.png 300w, https:\/\/test.dialogbrhv.de\/wp-content\/uploads\/2021\/11\/Alle-Logos-transparent-sichtbar_512x372-150x109.png 150w\" sizes=\"(max-width: 512px) 100vw, 512px\" \/><\/a>\t\t<\/div>\n\t\t\t\t\t\t\t\t<div class=\"wp-show-posts-entry-summary\" itemprop=\"text\">\n\t\t\t\t\t\t\t<p>Egal, ob es um das Ertrinken von Gefl\u00fcchteten im Mittelmeer, die Push back &#8211; Aktionen Richtung T\u00fcrkei oder die aktuelle Situation an der Grenze von Belarus und Polen geht: Menschen mit Herz und Verstand k\u00f6nnen den Geschehnissen an den europ\u00e4ischen Au\u00dfengrenzen nur noch mit Entsetzen zuschauen.<\/p>\n\t\t\t\t\t\t<\/div><!-- .entry-summary -->\n\t\t\t\t\t<div class=\"wpsp-read-more\"><a title=\"Es geht um Menschen, nicht um Z\u00e4une!\" class=\"wp-show-posts-read-more\" href=\"https:\/\/test.dialogbrhv.de\/index.php\/2021\/11\/20\/es-geht-um-menschen-nicht-um-zaeune\/\">Weiterlesen<\/a><\/div><\/div><!-- wp-show-posts-inner --><\/article><article class=\" wp-show-posts-single post-2393 post type-post status-publish format-standard has-post-thumbnail hentry category-aktuelles category-veranstaltungen wpsp-col-4\" itemtype=\"http:\/\/schema.org\/CreativeWork\" itemscope><div class=\"wp-show-posts-inner\" style=\"\">\t\t\t\t\t\t<header class=\"wp-show-posts-entry-header\">\n\t\t\t\t\t\t\t<h2 class=\"wp-show-posts-entry-title\" itemprop=\"headline\"><a href=\"https:\/\/test.dialogbrhv.de\/index.php\/2021\/11\/09\/von-mutigen-frauen-und-selbstbewussten-jugendlichenvon-der-ersten-gastarbeiter-generation-aus-der-tuerkei-zur-multikultigeneration-im-dialog\/\" rel=\"bookmark\">Von mutigen Frauen und selbstbewussten Jugendlichen<\/a><\/h2><div class=\"wp-show-posts-entry-meta wp-show-posts-entry-meta-below-title post-meta-inline\"><span class=\"wp-show-posts-posted-on wp-show-posts-meta\">\n\t\t\t\t\t<a href=\"https:\/\/test.dialogbrhv.de\/index.php\/2021\/11\/09\/von-mutigen-frauen-und-selbstbewussten-jugendlichenvon-der-ersten-gastarbeiter-generation-aus-der-tuerkei-zur-multikultigeneration-im-dialog\/\" title=\"15:54\" rel=\"bookmark\"><time class=\"wp-show-posts-entry-date published\" datetime=\"2021-11-09T15:54:08+01:00\" itemprop=\"datePublished\">9. November 2021<\/time><time class=\"wp-show-posts-updated\" datetime=\"2021-11-09T18:44:35+01:00\" itemprop=\"dateModified\">9. November 2021<\/time><\/a>\n\t\t\t\t<\/span><\/div>\t\t\t\t\t\t<\/header><!-- .entry-header -->\n\t\t\t\t\t\t\t<div class=\"wp-show-posts-image  wpsp-image-center \">\n\t\t\t<a href=\"https:\/\/test.dialogbrhv.de\/index.php\/2021\/11\/09\/von-mutigen-frauen-und-selbstbewussten-jugendlichenvon-der-ersten-gastarbeiter-generation-aus-der-tuerkei-zur-multikultigeneration-im-dialog\/\"  title=\"Von mutigen Frauen und selbstbewussten Jugendlichen\"><img width=\"450\" height=\"427\" src=\"https:\/\/test.dialogbrhv.de\/wp-content\/uploads\/2021\/11\/Dialog-Nord-Sued-Forum-Logo.png\" class=\"attachment-full size-full wp-post-image\" alt=\"\" loading=\"lazy\" itemprop=\"image\" srcset=\"https:\/\/test.dialogbrhv.de\/wp-content\/uploads\/2021\/11\/Dialog-Nord-Sued-Forum-Logo.png 450w, https:\/\/test.dialogbrhv.de\/wp-content\/uploads\/2021\/11\/Dialog-Nord-Sued-Forum-Logo-300x285.png 300w, https:\/\/test.dialogbrhv.de\/wp-content\/uploads\/2021\/11\/Dialog-Nord-Sued-Forum-Logo-150x142.png 150w\" sizes=\"(max-width: 450px) 100vw, 450px\" \/><\/a>\t\t<\/div>\n\t\t\t\t\t\t\t\t<div class=\"wp-show-posts-entry-summary\" itemprop=\"text\">\n\t\t\t\t\t\t\t<p>Von der ersten Gastarbeiter-Generation aus der T\u00fcrkei zur Multikultigeneration im DIALOG<\/p>\n<p>Die lange Geschichte von DIALOG-Verein f\u00fcr gleiche Rechte geht zur\u00fcck auf den 1981 gegr\u00fcndeten Demokratischen Arbeiterverein. Darin versammelten sich damals Familien der ersten \u201eGastarbeiter\u201c-Generation aus der T\u00fcrkei. Um sie und ihre Kinder- und Enkelgeneration ging es am 6. November in einer gemeinsamen Veranstaltung von DIALOG &#8211; Verein f\u00fcr gleiche Rechte und dem Arbeitskreis Migration und Fl\u00fcchtlinge im Nord S\u00fcd Forum im Rahmen der Integrationswoche Bremerhaven.<\/p>\n\t\t\t\t\t\t<\/div><!-- .entry-summary -->\n\t\t\t\t\t<div class=\"wpsp-read-more\"><a title=\"Von mutigen Frauen und selbstbewussten Jugendlichen\" class=\"wp-show-posts-read-more\" href=\"https:\/\/test.dialogbrhv.de\/index.php\/2021\/11\/09\/von-mutigen-frauen-und-selbstbewussten-jugendlichenvon-der-ersten-gastarbeiter-generation-aus-der-tuerkei-zur-multikultigeneration-im-dialog\/\">Weiterlesen<\/a><\/div><\/div><!-- wp-show-posts-inner --><\/article><article class=\" wp-show-posts-single post-1920 post type-post status-publish format-standard has-post-thumbnail hentry category-aktuelles category-veranstaltungen wpsp-col-4\" itemtype=\"http:\/\/schema.org\/CreativeWork\" itemscope><div class=\"wp-show-posts-inner\" style=\"\">\t\t\t\t\t\t<header class=\"wp-show-posts-entry-header\">\n\t\t\t\t\t\t\t<h2 class=\"wp-show-posts-entry-title\" itemprop=\"headline\"><a href=\"https:\/\/test.dialogbrhv.de\/index.php\/2021\/09\/20\/fotos-und-video-vom-fest-solidarisch-im-dialog\/\" rel=\"bookmark\">Fotos und Video vom Fest &#8222;Solidarisch im Dialog&#8220;<\/a><\/h2><div class=\"wp-show-posts-entry-meta wp-show-posts-entry-meta-below-title post-meta-inline\"><span class=\"wp-show-posts-posted-on wp-show-posts-meta\">\n\t\t\t\t\t<a href=\"https:\/\/test.dialogbrhv.de\/index.php\/2021\/09\/20\/fotos-und-video-vom-fest-solidarisch-im-dialog\/\" title=\"06:24\" rel=\"bookmark\"><time class=\"wp-show-posts-entry-date published\" datetime=\"2021-09-20T06:24:53+02:00\" itemprop=\"datePublished\">20. September 2021<\/time><time class=\"wp-show-posts-updated\" datetime=\"2021-11-04T10:05:59+01:00\" itemprop=\"dateModified\">4. November 2021<\/time><\/a>\n\t\t\t\t<\/span><\/div>\t\t\t\t\t\t<\/header><!-- .entry-header -->\n\t\t\t\t\t\t\t<div class=\"wp-show-posts-image  wpsp-image-center \">\n\t\t\t<a href=\"https:\/\/test.dialogbrhv.de\/index.php\/2021\/09\/20\/fotos-und-video-vom-fest-solidarisch-im-dialog\/\"  title=\"Fotos und Video vom Fest &#8222;Solidarisch im Dialog&#8220;\"><img width=\"210\" height=\"210\" src=\"https:\/\/test.dialogbrhv.de\/wp-content\/uploads\/2022\/03\/dialog_logo_300dpi.svg\" class=\"attachment-full size-full wp-post-image\" alt=\"\" loading=\"lazy\" itemprop=\"image\" \/><\/a>\t\t<\/div>\n\t\t\t\t\t\t\t\t<div class=\"wp-show-posts-entry-summary\" itemprop=\"text\">\n\t\t\t\t\t\t\t<p>Rund 300 gro\u00dfe und kleine internationale G\u00e4ste sorgten am 18.9. f\u00fcr ein beeindruckend solidarisches Fest im DIALOG-Verein f\u00fcr gleiche Rechte, das um 15 Uhr begann und erst sp\u00e4t in der&#8230;<\/p>\n\t\t\t\t\t\t<\/div><!-- .entry-summary -->\n\t\t\t\t\t<div class=\"wpsp-read-more\"><a title=\"Fotos und Video vom Fest &#8222;Solidarisch im Dialog&#8220;\" class=\"wp-show-posts-read-more\" href=\"https:\/\/test.dialogbrhv.de\/index.php\/2021\/09\/20\/fotos-und-video-vom-fest-solidarisch-im-dialog\/\">Weiterlesen<\/a><\/div><\/div><!-- wp-show-posts-inner --><\/article><article class=\" wp-show-posts-single post-1913 post type-post status-publish format-standard has-post-thumbnail hentry category-aktuelles category-presse wpsp-col-4\" itemtype=\"http:\/\/schema.org\/CreativeWork\" itemscope><div class=\"wp-show-posts-inner\" style=\"\">\t\t\t\t\t\t<header class=\"wp-show-posts-entry-header\">\n\t\t\t\t\t\t\t<h2 class=\"wp-show-posts-entry-title\" itemprop=\"headline\"><a href=\"https:\/\/test.dialogbrhv.de\/index.php\/2021\/09\/19\/solidarisch-im-dialogvereint-die-kontinente\/\" rel=\"bookmark\">&#8222;Solidarisch im DIALOG&#8220;<BR>vereint die Kontinente<\/a><\/h2><div class=\"wp-show-posts-entry-meta wp-show-posts-entry-meta-below-title post-meta-inline\"><span class=\"wp-show-posts-posted-on wp-show-posts-meta\">\n\t\t\t\t\t<a href=\"https:\/\/test.dialogbrhv.de\/index.php\/2021\/09\/19\/solidarisch-im-dialogvereint-die-kontinente\/\" title=\"11:31\" rel=\"bookmark\"><time class=\"wp-show-posts-entry-date published\" datetime=\"2021-09-19T11:31:00+02:00\" itemprop=\"datePublished\">19. September 2021<\/time><time class=\"wp-show-posts-updated\" datetime=\"2021-09-19T11:56:10+02:00\" itemprop=\"dateModified\">19. September 2021<\/time><\/a>\n\t\t\t\t<\/span><\/div>\t\t\t\t\t\t<\/header><!-- .entry-header -->\n\t\t\t\t\t\t\t<div class=\"wp-show-posts-image  wpsp-image-center \">\n\t\t\t<a href=\"https:\/\/test.dialogbrhv.de\/index.php\/2021\/09\/19\/solidarisch-im-dialogvereint-die-kontinente\/\"  title=\"&#8222;Solidarisch im DIALOG&#8220;vereint die Kontinente\"><img width=\"210\" height=\"210\" src=\"https:\/\/test.dialogbrhv.de\/wp-content\/uploads\/2022\/03\/dialog_logo_300dpi.svg\" class=\"attachment-full size-full wp-post-image\" alt=\"\" loading=\"lazy\" itemprop=\"image\" \/><\/a>\t\t<\/div>\n\t\t\t\t\t\t\t\t<div class=\"wp-show-posts-entry-summary\" itemprop=\"text\">\n\t\t\t\t\t\t\t<p>Rund 300 gro\u00dfe und kleine internationale G\u00e4ste sorgten am gestrigen Samstag f\u00fcr ein beeindruckend solidarisches Fest im DIALOG-Verein f\u00fcr gleiche Rechte.<\/p>\n\t\t\t\t\t\t<\/div><!-- .entry-summary -->\n\t\t\t\t\t<div class=\"wpsp-read-more\"><a title=\"&#8222;Solidarisch im DIALOG&#8220;vereint die Kontinente\" class=\"wp-show-posts-read-more\" href=\"https:\/\/test.dialogbrhv.de\/index.php\/2021\/09\/19\/solidarisch-im-dialogvereint-die-kontinente\/\">Weiterlesen<\/a><\/div><\/div><!-- wp-show-posts-inner --><\/article><article class=\" wp-show-posts-single post-1891 post type-post status-publish format-standard has-post-thumbnail hentry category-aktuelles category-veranstaltungen wpsp-col-4\" itemtype=\"http:\/\/schema.org\/CreativeWork\" itemscope><div class=\"wp-show-posts-inner\" style=\"\">\t\t\t\t\t\t<header class=\"wp-show-posts-entry-header\">\n\t\t\t\t\t\t\t<h2 class=\"wp-show-posts-entry-title\" itemprop=\"headline\"><a href=\"https:\/\/test.dialogbrhv.de\/index.php\/2021\/09\/18\/aufbau-solidarisch-im-dialog\/\" rel=\"bookmark\">Aufbau &#8222;Solidarisch im Dialog&#8220;<\/a><\/h2><div class=\"wp-show-posts-entry-meta wp-show-posts-entry-meta-below-title post-meta-inline\"><span class=\"wp-show-posts-posted-on wp-show-posts-meta\">\n\t\t\t\t\t<a href=\"https:\/\/test.dialogbrhv.de\/index.php\/2021\/09\/18\/aufbau-solidarisch-im-dialog\/\" title=\"11:10\" rel=\"bookmark\"><time class=\"wp-show-posts-entry-date published\" datetime=\"2021-09-18T11:10:16+02:00\" itemprop=\"datePublished\">18. September 2021<\/time><time class=\"wp-show-posts-updated\" datetime=\"2021-09-18T11:10:18+02:00\" itemprop=\"dateModified\">18. September 2021<\/time><\/a>\n\t\t\t\t<\/span><\/div>\t\t\t\t\t\t<\/header><!-- .entry-header -->\n\t\t\t\t\t\t\t<div class=\"wp-show-posts-image  wpsp-image-center \">\n\t\t\t<a href=\"https:\/\/test.dialogbrhv.de\/index.php\/2021\/09\/18\/aufbau-solidarisch-im-dialog\/\"  title=\"Aufbau &#8222;Solidarisch im Dialog&#8220;\"><img width=\"210\" height=\"210\" src=\"https:\/\/test.dialogbrhv.de\/wp-content\/uploads\/2022\/03\/dialog_logo_300dpi.svg\" class=\"attachment-full size-full wp-post-image\" alt=\"\" loading=\"lazy\" itemprop=\"image\" \/><\/a>\t\t<\/div>\n\t\t\t\t\t\t\t\t<div class=\"wp-show-posts-entry-summary\" itemprop=\"text\">\n\t\t\t\t\t\t\t<p>Viele H\u00e4nde sind flei\u00dfig um unser Fest erfolgreich zu feiern \ud83d\ude42 \u00a0<\/p>\n\t\t\t\t\t\t<\/div><!-- .entry-summary -->\n\t\t\t\t\t<div class=\"wpsp-read-more\"><a title=\"Aufbau &#8222;Solidarisch im Dialog&#8220;\" class=\"wp-show-posts-read-more\" href=\"https:\/\/test.dialogbrhv.de\/index.php\/2021\/09\/18\/aufbau-solidarisch-im-dialog\/\">Weiterlesen<\/a><\/div><\/div><!-- wp-show-posts-inner --><\/article><article class=\" wp-show-posts-single post-1721 post type-post status-publish format-standard has-post-thumbnail hentry category-aktuelles category-allgemein wpsp-col-4\" itemtype=\"http:\/\/schema.org\/CreativeWork\" itemscope><div class=\"wp-show-posts-inner\" style=\"\">\t\t\t\t\t\t<header class=\"wp-show-posts-entry-header\">\n\t\t\t\t\t\t\t<h2 class=\"wp-show-posts-entry-title\" itemprop=\"headline\"><a href=\"https:\/\/test.dialogbrhv.de\/index.php\/2021\/09\/16\/fest-der-demokratie\/\" rel=\"bookmark\">Impressionen vom Fest der Demokratie<\/a><\/h2><div class=\"wp-show-posts-entry-meta wp-show-posts-entry-meta-below-title post-meta-inline\"><span class=\"wp-show-posts-posted-on wp-show-posts-meta\">\n\t\t\t\t\t<a href=\"https:\/\/test.dialogbrhv.de\/index.php\/2021\/09\/16\/fest-der-demokratie\/\" title=\"05:38\" rel=\"bookmark\"><time class=\"wp-show-posts-entry-date published\" datetime=\"2021-09-16T05:38:52+02:00\" itemprop=\"datePublished\">16. September 2021<\/time><time class=\"wp-show-posts-updated\" datetime=\"2021-09-17T08:54:24+02:00\" itemprop=\"dateModified\">17. September 2021<\/time><\/a>\n\t\t\t\t<\/span><\/div>\t\t\t\t\t\t<\/header><!-- .entry-header -->\n\t\t\t\t\t\t\t<div class=\"wp-show-posts-image  wpsp-image-center \">\n\t\t\t<a href=\"https:\/\/test.dialogbrhv.de\/index.php\/2021\/09\/16\/fest-der-demokratie\/\"  title=\"Impressionen vom Fest der Demokratie\"><img width=\"500\" height=\"412\" src=\"https:\/\/test.dialogbrhv.de\/wp-content\/uploads\/2019\/10\/Logo_BBB_weiss_mitHG-rotated-farbig.geaendert-2.png\" class=\"attachment-full size-full wp-post-image\" alt=\"\" loading=\"lazy\" itemprop=\"image\" srcset=\"https:\/\/test.dialogbrhv.de\/wp-content\/uploads\/2019\/10\/Logo_BBB_weiss_mitHG-rotated-farbig.geaendert-2.png 500w, https:\/\/test.dialogbrhv.de\/wp-content\/uploads\/2019\/10\/Logo_BBB_weiss_mitHG-rotated-farbig.geaendert-2-300x247.png 300w\" sizes=\"(max-width: 500px) 100vw, 500px\" \/><\/a>\t\t<\/div>\n\t\t\t\t\t\t\t\t<div class=\"wp-show-posts-entry-summary\" itemprop=\"text\">\n\t\t\t\t\t\t\t<p>&#8222;So ein B\u00fcndnis wird gebraucht&#8220; ( Textzeile aus einem spontanen Geburtstagsst\u00e4ndchen f\u00fcr das Aktionsb\u00fcndnis gegen Rechts) Am 12.09. war das Aktionsb\u00fcndnis gegen Rechts &#8222;Bremerhaven bleibt bunt!&#8220; mit seinem &#8222;Fest f\u00fcr&#8230;<\/p>\n\t\t\t\t\t\t<\/div><!-- .entry-summary -->\n\t\t\t\t\t<div class=\"wpsp-read-more\"><a title=\"Impressionen vom Fest der Demokratie\" class=\"wp-show-posts-read-more\" href=\"https:\/\/test.dialogbrhv.de\/index.php\/2021\/09\/16\/fest-der-demokratie\/\">Weiterlesen<\/a><\/div><\/div><!-- wp-show-posts-inner --><\/article><div class=\"wpsp-clear\"><\/div><\/section><!-- .wp-show-posts -->\n\n","protected":false},"excerpt":{"rendered":"","protected":false},"author":6,"featured_media":0,"parent":0,"menu_order":0,"comment_status":"closed","ping_status":"closed","template":"template-fullwidth.php","meta":{"_coblocks_attr":"","_coblocks_dimensions":"","_coblocks_responsive_height":"","_coblocks_accordion_ie_support":"","inline_featured_image":false,"spay_email":""},"yoast_head":"<!-- This site is optimized with the Yoast SEO plugin v18.3 - https:\/\/yoast.com\/wordpress\/plugins\/seo\/ -->\n<title>Aktuelles - TEST-SITE Dialog - Verein f\u00fcr gleiche Rechte e.V.<\/title>\n<meta name=\"robots\" content=\"index, follow, max-snippet:-1, max-image-preview:large, max-video-preview:-1\" \/>\n<link rel=\"canonical\" href=\"https:\/\/test.dialogbrhv.de\/\" \/>\n<meta property=\"og:locale\" content=\"de_DE\" \/>\n<meta property=\"og:type\" content=\"article\" \/>\n<meta property=\"og:title\" content=\"Aktuelles - TEST-SITE Dialog - Verein f\u00fcr gleiche Rechte e.V.\" \/>\n<meta property=\"og:url\" content=\"https:\/\/test.dialogbrhv.de\/\" \/>\n<meta property=\"og:site_name\" content=\"TEST-SITE Dialog - Verein f\u00fcr gleiche Rechte e.V.\" \/>\n<meta property=\"article:modified_time\" content=\"2021-08-07T08:54:15+00:00\" \/>\n<meta name=\"twitter:card\" content=\"summary_large_image\" \/>\n<meta name=\"twitter:label1\" content=\"Gesch\u00e4tzte Lesezeit\" \/>\n\t<meta name=\"twitter:data1\" content=\"1 Minute\" \/>\n<script type=\"application\/ld+json\" class=\"yoast-schema-graph\">{\"@context\":\"https:\/\/schema.org\",\"@graph\":[{\"@type\":\"Organization\",\"@id\":\"https:\/\/test.dialogbrhv.de\/#organization\",\"name\":\"DIALOG - Verein f\u00fcr gleiche Rechte e.V.\",\"url\":\"https:\/\/test.dialogbrhv.de\/\",\"sameAs\":[],\"logo\":{\"@type\":\"ImageObject\",\"@id\":\"https:\/\/test.dialogbrhv.de\/#logo\",\"inLanguage\":\"de-DE\",\"url\":\"https:\/\/test.dialogbrhv.de\/wp-content\/uploads\/2019\/09\/dialog_logo_v3.0_text_ausrichtungen_grundvorlage_dialog_normal_textstil1_17cm_stern_globus.svg_.png\",\"contentUrl\":\"https:\/\/test.dialogbrhv.de\/wp-content\/uploads\/2019\/09\/dialog_logo_v3.0_text_ausrichtungen_grundvorlage_dialog_normal_textstil1_17cm_stern_globus.svg_.png\",\"width\":211,\"height\":214,\"caption\":\"DIALOG - Verein f\u00fcr gleiche Rechte e.V.\"},\"image\":{\"@id\":\"https:\/\/test.dialogbrhv.de\/#logo\"}},{\"@type\":\"WebSite\",\"@id\":\"https:\/\/test.dialogbrhv.de\/#website\",\"url\":\"https:\/\/test.dialogbrhv.de\/\",\"name\":\"TEST-SITE Dialog - Verein f\u00fcr gleiche Rechte e.V.\",\"description\":\"\",\"publisher\":{\"@id\":\"https:\/\/test.dialogbrhv.de\/#organization\"},\"potentialAction\":[{\"@type\":\"SearchAction\",\"target\":{\"@type\":\"EntryPoint\",\"urlTemplate\":\"https:\/\/test.dialogbrhv.de\/?s={search_term_string}\"},\"query-input\":\"required name=search_term_string\"}],\"inLanguage\":\"de-DE\"},{\"@type\":\"WebPage\",\"@id\":\"https:\/\/test.dialogbrhv.de\/#webpage\",\"url\":\"https:\/\/test.dialogbrhv.de\/\",\"name\":\"Aktuelles - TEST-SITE Dialog - Verein f\u00fcr gleiche Rechte e.V.\",\"isPartOf\":{\"@id\":\"https:\/\/test.dialogbrhv.de\/#website\"},\"datePublished\":\"2017-11-27T17:38:08+00:00\",\"dateModified\":\"2021-08-07T08:54:15+00:00\",\"breadcrumb\":{\"@id\":\"https:\/\/test.dialogbrhv.de\/#breadcrumb\"},\"inLanguage\":\"de-DE\",\"potentialAction\":[{\"@type\":\"ReadAction\",\"target\":[\"https:\/\/test.dialogbrhv.de\/\"]}]},{\"@type\":\"BreadcrumbList\",\"@id\":\"https:\/\/test.dialogbrhv.de\/#breadcrumb\",\"itemListElement\":[{\"@type\":\"ListItem\",\"position\":1,\"name\":\"Startseite\",\"item\":\"https:\/\/test.dialogbrhv.de\/\"},{\"@type\":\"ListItem\",\"position\":2,\"name\":\"Aktuelles\"}]}]}<\/script>\n<!-- \/ Yoast SEO plugin. -->","yoast_head_json":{"title":"Aktuelles - TEST-SITE Dialog - Verein f\u00fcr gleiche Rechte e.V.","robots":{"index":"index","follow":"follow","max-snippet":"max-snippet:-1","max-image-preview":"max-image-preview:large","max-video-preview":"max-video-preview:-1"},"canonical":"https:\/\/test.dialogbrhv.de\/","og_locale":"de_DE","og_type":"article","og_title":"Aktuelles - TEST-SITE Dialog - Verein f\u00fcr gleiche Rechte e.V.","og_url":"https:\/\/test.dialogbrhv.de\/","og_site_name":"TEST-SITE Dialog - Verein f\u00fcr gleiche Rechte e.V.","article_modified_time":"2021-08-07T08:54:15+00:00","twitter_card":"summary_large_image","twitter_misc":{"Gesch\u00e4tzte Lesezeit":"1 Minute"},"schema":{"@context":"https:\/\/schema.org","@graph":[{"@type":"Organization","@id":"https:\/\/test.dialogbrhv.de\/#organization","name":"DIALOG - Verein f\u00fcr gleiche Rechte e.V.","url":"https:\/\/test.dialogbrhv.de\/","sameAs":[],"logo":{"@type":"ImageObject","@id":"https:\/\/test.dialogbrhv.de\/#logo","inLanguage":"de-DE","url":"https:\/\/test.dialogbrhv.de\/wp-content\/uploads\/2019\/09\/dialog_logo_v3.0_text_ausrichtungen_grundvorlage_dialog_normal_textstil1_17cm_stern_globus.svg_.png","contentUrl":"https:\/\/test.dialogbrhv.de\/wp-content\/uploads\/2019\/09\/dialog_logo_v3.0_text_ausrichtungen_grundvorlage_dialog_normal_textstil1_17cm_stern_globus.svg_.png","width":211,"height":214,"caption":"DIALOG - Verein f\u00fcr gleiche Rechte e.V."},"image":{"@id":"https:\/\/test.dialogbrhv.de\/#logo"}},{"@type":"WebSite","@id":"https:\/\/test.dialogbrhv.de\/#website","url":"https:\/\/test.dialogbrhv.de\/","name":"TEST-SITE Dialog - Verein f\u00fcr gleiche Rechte e.V.","description":"","publisher":{"@id":"https:\/\/test.dialogbrhv.de\/#organization"},"potentialAction":[{"@type":"SearchAction","target":{"@type":"EntryPoint","urlTemplate":"https:\/\/test.dialogbrhv.de\/?s={search_term_string}"},"query-input":"required name=search_term_string"}],"inLanguage":"de-DE"},{"@type":"WebPage","@id":"https:\/\/test.dialogbrhv.de\/#webpage","url":"https:\/\/test.dialogbrhv.de\/","name":"Aktuelles - TEST-SITE Dialog - Verein f\u00fcr gleiche Rechte e.V.","isPartOf":{"@id":"https:\/\/test.dialogbrhv.de\/#website"},"datePublished":"2017-11-27T17:38:08+00:00","dateModified":"2021-08-07T08:54:15+00:00","breadcrumb":{"@id":"https:\/\/test.dialogbrhv.de\/#breadcrumb"},"inLanguage":"de-DE","potentialAction":[{"@type":"ReadAction","target":["https:\/\/test.dialogbrhv.de\/"]}]},{"@type":"BreadcrumbList","@id":"https:\/\/test.dialogbrhv.de\/#breadcrumb","itemListElement":[{"@type":"ListItem","position":1,"name":"Startseite","item":"https:\/\/test.dialogbrhv.de\/"},{"@type":"ListItem","position":2,"name":"Aktuelles"}]}]}},"_links":{"self":[{"href":"https:\/\/test.dialogbrhv.de\/index.php\/wp-json\/wp\/v2\/pages\/104"}],"collection":[{"href":"https:\/\/test.dialogbrhv.de\/index.php\/wp-json\/wp\/v2\/pages"}],"about":[{"href":"https:\/\/test.dialogbrhv.de\/index.php\/wp-json\/wp\/v2\/types\/page"}],"author":[{"embeddable":true,"href":"https:\/\/test.dialogbrhv.de\/index.php\/wp-json\/wp\/v2\/users\/6"}],"replies":[{"embeddable":true,"href":"https:\/\/test.dialogbrhv.de\/index.php\/wp-json\/wp\/v2\/comments?post=104"}],"version-history":[{"count":10,"href":"https:\/\/test.dialogbrhv.de\/index.php\/wp-json\/wp\/v2\/pages\/104\/revisions"}],"predecessor-version":[{"id":1507,"href":"https:\/\/test.dialogbrhv.de\/index.php\/wp-json\/wp\/v2\/pages\/104\/revisions\/1507"}],"wp:attachment":[{"href":"https:\/\/test.dialogbrhv.de\/index.php\/wp-json\/wp\/v2\/media?parent=104"}],"curies":[{"name":"wp","href":"https:\/\/api.w.org\/{rel}","templated":true}]}}